{"id":1122,"date":"2022-01-12T16:49:17","date_gmt":"2022-01-12T15:49:17","guid":{"rendered":"https:\/\/inclusion4all.eu\/about\/"},"modified":"2022-01-22T12:00:32","modified_gmt":"2022-01-22T11:00:32","slug":"a-projektrol","status":"publish","type":"page","link":"https:\/\/inclusion4all.eu\/hu\/a-projektrol\/","title":{"rendered":"A projektr\u0151l"},"content":{"rendered":"\t\t<div data-elementor-type=\"wp-page\" data-elementor-id=\"1122\" class=\"elementor elementor-1122 elementor-303\">\n\t\t\t\t\t\t\t\t\t<section class=\"elementor-section elementor-top-section elementor-element elementor-element-c885eca elementor-section-full_width elementor-section-height-default elementor-section-height-default\" data-id=\"c885eca\" data-element_type=\"section\" data-settings=\"{&quot;background_background&quot;:&quot;classic&quot;}\">\n\t\t\t\t\t\t<div class=\"elementor-container elementor-column-gap-no\">\n\t\t\t\t\t<div class=\"elementor-column elementor-col-100 elementor-top-column elementor-element elementor-element-65196fe\" data-id=\"65196fe\" data-element_type=\"column\">\n\t\t\t<div class=\"elementor-widget-wrap elementor-element-populated\">\n\t\t\t\t\t\t\t\t<div class=\"elementor-element elementor-element-ce66e91 elementor-widget elementor-widget-heading\" data-id=\"ce66e91\" data-element_type=\"widget\" data-widget_type=\"heading.default\">\n\t\t\t\t<div class=\"elementor-widget-container\">\n\t\t\t<h1 class=\"elementor-heading-title elementor-size-default\">A projektr\u0151l<\/h1>\t\t<\/div>\n\t\t\t\t<\/div>\n\t\t\t\t\t<\/div>\n\t\t<\/div>\n\t\t\t\t\t\t\t<\/div>\n\t\t<\/section>\n\t\t\t\t<section class=\"elementor-section elementor-top-section elementor-element elementor-element-5bd62f8 elementor-section-full_width elementor-section-height-default elementor-section-height-default\" data-id=\"5bd62f8\" data-element_type=\"section\" data-settings=\"{&quot;background_background&quot;:&quot;classic&quot;}\">\n\t\t\t\t\t\t<div class=\"elementor-container elementor-column-gap-no\">\n\t\t\t\t\t<div class=\"elementor-column elementor-col-100 elementor-top-column elementor-element elementor-element-ca83ff8\" data-id=\"ca83ff8\" data-element_type=\"column\">\n\t\t\t<div class=\"elementor-widget-wrap elementor-element-populated\">\n\t\t\t\t\t\t\t\t<div class=\"elementor-element elementor-element-d7a83dc elementor-widget elementor-widget-text-editor\" data-id=\"d7a83dc\" data-element_type=\"widget\" data-widget_type=\"text-editor.default\">\n\t\t\t\t<div class=\"elementor-widget-container\">\n\t\t\t\t\t\t\t<p>\u201cAz Inclusion4All \u2013 Transz, interszex \u00e9s nem-bin\u00e1ris emberek a munkahelyen\u201d egy k\u00e9t\u00e9ves projekt, amely 2020 november\u00e9ben indult, \u00e9s \u00f6t partnerorsz\u00e1gban val\u00f3sul meg az Eur\u00f3pai Uni\u00f3 Jogok, Egyenl\u0151s\u00e9g \u00e9s \u00c1llampolg\u00e1rs\u00e1g programj\u00e1nak r\u00e9szek\u00e9nt. A projekt c\u00e9lja a transz-, interszexu\u00e1lis \u00e9s nem-bin\u00e1ris emberekkel szembeni megk\u00fcl\u00f6nb\u00f6ztet\u00e9s tilalma elv\u00e9nek\u00a0 hat\u00e9kony \u00e9rv\u00e9nyes\u00fcl\u00e9s\u00e9nek el\u0151seg\u00edt\u00e9se.<\/p>\t\t\t\t\t\t<\/div>\n\t\t\t\t<\/div>\n\t\t\t\t<div class=\"elementor-element elementor-element-323ef7b elementor-widget elementor-widget-heading\" data-id=\"323ef7b\" data-element_type=\"widget\" data-widget_type=\"heading.default\">\n\t\t\t\t<div class=\"elementor-widget-container\">\n\t\t\t<h2 class=\"elementor-heading-title elementor-size-default\">A projekt tev\u00e9kenys\u00e9gei a k\u00f6vetkez\u0151k:<\/h2>\t\t<\/div>\n\t\t\t\t<\/div>\n\t\t\t\t<div class=\"elementor-element elementor-element-a6e7b1d elementor-widget elementor-widget-text-editor\" data-id=\"a6e7b1d\" data-element_type=\"widget\" data-widget_type=\"text-editor.default\">\n\t\t\t\t<div class=\"elementor-widget-container\">\n\t\t\t\t\t\t\t<ul><li aria-level=\"1\">A transz, interszex \u00e9s nem-bin\u00e1ris emberek munkahelyi tapasztalatainak m\u00e9lyrehat\u00f3 kutat\u00e1sa (kvantitat\u00edv \u00e9s kvalitat\u00edv elemekkel)<\/li><li aria-level=\"1\">M\u00e9lyrehat\u00f3 kutat\u00e1s (kvantitat\u00edv \u00e9s kvalitat\u00edv elemekkel) a hum\u00e1ner\u0151forr\u00e1s-szakemberek tapasztalatair\u00f3l \u00e9s tud\u00e1s\u00e1r\u00f3l a munkahelyen dolgoz\u00f3 transz, interszex \u00e9s nem-bin\u00e1ris emberekkel kapcsolatban<\/li><li aria-level=\"1\">K\u00e9pz\u00e9s \u00e9s megfelel\u0151, el\u00e9rhet\u0151 er\u0151forr\u00e1sok l\u00e9trehoz\u00e1sa transz, interszex \u00e9s nem-bin\u00e1ris emberek sz\u00e1m\u00e1ra<\/li><li aria-level=\"1\">K\u00e9pz\u00e9s \u00e9s megfelel\u0151, el\u00e9rhet\u0151 er\u0151forr\u00e1sok l\u00e9trehoz\u00e1sa hum\u00e1ner\u0151forr\u00e1s-szakemberek sz\u00e1m\u00e1ra<\/li><li aria-level=\"1\">A munkahelyi es\u00e9lyegyenl\u0151s\u00e9g tudatos\u00edt\u00e1sa transz, interszex \u00e9s nem-bin\u00e1ris emberek k\u00f6r\u00e9ben kamp\u00e1nytev\u00e9kenys\u00e9gekkel<\/li><\/ul>\t\t\t\t\t\t<\/div>\n\t\t\t\t<\/div>\n\t\t\t\t<div class=\"elementor-element elementor-element-c3fdfce elementor-widget elementor-widget-heading\" data-id=\"c3fdfce\" data-element_type=\"widget\" data-widget_type=\"heading.default\">\n\t\t\t\t<div class=\"elementor-widget-container\">\n\t\t\t<h3 class=\"elementor-heading-title elementor-size-default\">A projektben r\u00e9szt vev\u0151 szervezetek:<\/h3>\t\t<\/div>\n\t\t\t\t<\/div>\n\t\t\t\t<div class=\"elementor-element elementor-element-92b1c17 elementor-widget elementor-widget-text-editor\" data-id=\"92b1c17\" data-element_type=\"widget\" data-widget_type=\"text-editor.default\">\n\t\t\t\t<div class=\"elementor-widget-container\">\n\t\t\t\t\t\t\t<p>H\u00e1tt\u00e9r T\u00e1rsas\u00e1g (Magyarorsz\u00e1g), mint projekt koordin\u00e1tor, Brescia egyetem (Olaszorsz\u00e1g), SURT (Spanyolorsz\u00e1g), TNN (Hollandia), \u00e9s Zagreb Pride (Horv\u00e1torsz\u00e1g).<\/p>\t\t\t\t\t\t<\/div>\n\t\t\t\t<\/div>\n\t\t\t\t\t<\/div>\n\t\t<\/div>\n\t\t\t\t\t\t\t<\/div>\n\t\t<\/section>\n\t\t\t\t\t\t\t<\/div>\n\t\t","protected":false},"excerpt":{"rendered":"<p>A projektr\u0151l \u201cAz Inclusion4All \u2013 Transz, interszex \u00e9s nem-bin\u00e1ris emberek a munkahelyen\u201d egy k\u00e9t\u00e9ves projekt, amely 2020 november\u00e9ben indult, \u00e9s \u00f6t partnerorsz\u00e1gban val\u00f3sul meg az Eur\u00f3pai Uni\u00f3 Jogok, Egyenl\u0151s\u00e9g \u00e9s \u00c1llampolg\u00e1rs\u00e1g programj\u00e1nak r\u00e9szek\u00e9nt. A projekt c\u00e9lja a transz-, interszexu\u00e1lis \u00e9s nem-bin\u00e1ris emberekkel szembeni megk\u00fcl\u00f6nb\u00f6ztet\u00e9s tilalma elv\u00e9nek&nbsp; hat\u00e9kony \u00e9rv\u00e9nyes\u00fcl\u00e9s\u00e9nek el\u0151seg\u00edt\u00e9se. A projekt tev\u00e9kenys\u00e9gei a k\u00f6vetkez\u0151k: A [&hellip;]<\/p>\n","protected":false},"author":2,"featured_media":0,"parent":0,"menu_order":2,"comment_status":"closed","ping_status":"closed","template":"","meta":[],"_links":{"self":[{"href":"https:\/\/inclusion4all.eu\/hu\/wp-json\/wp\/v2\/pages\/1122"}],"collection":[{"href":"https:\/\/inclusion4all.eu\/hu\/wp-json\/wp\/v2\/pages"}],"about":[{"href":"https:\/\/inclusion4all.eu\/hu\/wp-json\/wp\/v2\/types\/page"}],"author":[{"embeddable":true,"href":"https:\/\/inclusion4all.eu\/hu\/wp-json\/wp\/v2\/users\/2"}],"replies":[{"embeddable":true,"href":"https:\/\/inclusion4all.eu\/hu\/wp-json\/wp\/v2\/comments?post=1122"}],"version-history":[{"count":6,"href":"https:\/\/inclusion4all.eu\/hu\/wp-json\/wp\/v2\/pages\/1122\/revisions"}],"predecessor-version":[{"id":1646,"href":"https:\/\/inclusion4all.eu\/hu\/wp-json\/wp\/v2\/pages\/1122\/revisions\/1646"}],"wp:attachment":[{"href":"https:\/\/inclusion4all.eu\/hu\/wp-json\/wp\/v2\/media?parent=1122"}],"curies":[{"name":"wp","href":"https:\/\/api.w.org\/{rel}","templated":true}]}}