{"id":1119,"date":"2022-01-12T16:49:17","date_gmt":"2022-01-12T15:49:17","guid":{"rendered":"https:\/\/inclusion4all.eu\/about\/"},"modified":"2022-01-22T12:00:41","modified_gmt":"2022-01-22T11:00:41","slug":"sobre-el-projecte","status":"publish","type":"page","link":"https:\/\/inclusion4all.eu\/ca\/sobre-el-projecte\/","title":{"rendered":"Sobre el Projecte"},"content":{"rendered":"\t\t<div data-elementor-type=\"wp-page\" data-elementor-id=\"1119\" class=\"elementor elementor-1119 elementor-303\">\n\t\t\t\t\t\t\t\t\t<section class=\"elementor-section elementor-top-section elementor-element elementor-element-c885eca elementor-section-full_width elementor-section-height-default elementor-section-height-default\" data-id=\"c885eca\" data-element_type=\"section\" data-settings=\"{&quot;background_background&quot;:&quot;classic&quot;}\">\n\t\t\t\t\t\t<div class=\"elementor-container elementor-column-gap-no\">\n\t\t\t\t\t<div class=\"elementor-column elementor-col-100 elementor-top-column elementor-element elementor-element-65196fe\" data-id=\"65196fe\" data-element_type=\"column\">\n\t\t\t<div class=\"elementor-widget-wrap elementor-element-populated\">\n\t\t\t\t\t\t\t\t<div class=\"elementor-element elementor-element-ce66e91 elementor-widget elementor-widget-heading\" data-id=\"ce66e91\" data-element_type=\"widget\" data-widget_type=\"heading.default\">\n\t\t\t\t<div class=\"elementor-widget-container\">\n\t\t\t<h1 class=\"elementor-heading-title elementor-size-default\">Sobre el <br>Projecte<\/h1>\t\t<\/div>\n\t\t\t\t<\/div>\n\t\t\t\t\t<\/div>\n\t\t<\/div>\n\t\t\t\t\t\t\t<\/div>\n\t\t<\/section>\n\t\t\t\t<section class=\"elementor-section elementor-top-section elementor-element elementor-element-5bd62f8 elementor-section-full_width elementor-section-height-default elementor-section-height-default\" data-id=\"5bd62f8\" data-element_type=\"section\" data-settings=\"{&quot;background_background&quot;:&quot;classic&quot;}\">\n\t\t\t\t\t\t<div class=\"elementor-container elementor-column-gap-no\">\n\t\t\t\t\t<div class=\"elementor-column elementor-col-100 elementor-top-column elementor-element elementor-element-ca83ff8\" data-id=\"ca83ff8\" data-element_type=\"column\">\n\t\t\t<div class=\"elementor-widget-wrap elementor-element-populated\">\n\t\t\t\t\t\t\t\t<div class=\"elementor-element elementor-element-d7a83dc elementor-widget elementor-widget-text-editor\" data-id=\"d7a83dc\" data-element_type=\"widget\" data-widget_type=\"text-editor.default\">\n\t\t\t\t<div class=\"elementor-widget-container\">\n\t\t\t\t\t\t\t<p>Inclusion4All \u2013 Persones Trans, Intersex i no bin\u00e0ries a la feina \u00e9s un projecte de 2 anys que va comen\u00e7ar el novembre de 2020 i s\u2019est\u00e0 implementant a cinc pa\u00efsos socis, finan\u00e7ada en el marc del Programa Drets, Igualtat i Ciutadania de la Uni\u00f3 Europea. L\u2019objectiu del projecte \u00e9s promoure l\u2019aplicaci\u00f3 efectiva del principi de no discriminaci\u00f3 de les persones trans, intersex i no bin\u00e0ries a la feina.<\/p>\t\t\t\t\t\t<\/div>\n\t\t\t\t<\/div>\n\t\t\t\t<div class=\"elementor-element elementor-element-323ef7b elementor-widget elementor-widget-heading\" data-id=\"323ef7b\" data-element_type=\"widget\" data-widget_type=\"heading.default\">\n\t\t\t\t<div class=\"elementor-widget-container\">\n\t\t\t<h2 class=\"elementor-heading-title elementor-size-default\">Les activitats del projecte inclouen:<\/h2>\t\t<\/div>\n\t\t\t\t<\/div>\n\t\t\t\t<div class=\"elementor-element elementor-element-a6e7b1d elementor-widget elementor-widget-text-editor\" data-id=\"a6e7b1d\" data-element_type=\"widget\" data-widget_type=\"text-editor.default\">\n\t\t\t\t<div class=\"elementor-widget-container\">\n\t\t\t\t\t\t\t<ul><li aria-level=\"1\">Realitzaci\u00f3 d\u2019una recerca en profunditat (amb dades quantitatives i qualitatives) de les experi\u00e8ncies de les persones trans, intersex i no bin\u00e0ries en l\u2019\u00e0mbit laboral.<\/li><\/ul><ul><li aria-level=\"1\">Realitzaci\u00f3 d\u2019una recerca en profunditat (amb dades quantitatives i qualitatives) de les experi\u00e8ncies i coneixements de professionals de recursos humans sobre la realitat de les persones trans, intersex i no bin\u00e0ries en l\u2019\u00e0mbit laboral.<\/li><li aria-level=\"1\">Formaci\u00f3 i capacitaci\u00f3 de persones trans, intersex i no bin\u00e0ries<\/li><li aria-level=\"1\">Formaci\u00f3 i capacitaci\u00f3 de professionals de recursos humans.<\/li><li aria-level=\"1\">Sensibilitzaci\u00f3 sobre la inclusi\u00f3 en l\u2019\u00e0mbit laboral de les persones trans, intersex i no bin\u00e0ries a trav\u00e9s d\u2019una campanya de comunicaci\u00f3.<\/li><\/ul>\t\t\t\t\t\t<\/div>\n\t\t\t\t<\/div>\n\t\t\t\t<div class=\"elementor-element elementor-element-c3fdfce elementor-widget elementor-widget-heading\" data-id=\"c3fdfce\" data-element_type=\"widget\" data-widget_type=\"heading.default\">\n\t\t\t\t<div class=\"elementor-widget-container\">\n\t\t\t<h3 class=\"elementor-heading-title elementor-size-default\">Les organitzacions s\u00f2cies del projecte:<\/h3>\t\t<\/div>\n\t\t\t\t<\/div>\n\t\t\t\t<div class=\"elementor-element elementor-element-92b1c17 elementor-widget elementor-widget-text-editor\" data-id=\"92b1c17\" data-element_type=\"widget\" data-widget_type=\"text-editor.default\">\n\t\t\t\t<div class=\"elementor-widget-container\">\n\t\t\t\t\t\t\t<p>H\u00e1tt\u00e9r T\u00e1rsas\u00e1g (Hongria) com a coordinadora del projecte, Universitat de Brescia (It\u00e0lia), SURT (Espanya), Transgender Netwerk Nederland (Pa\u00efsos Baixos) i Zagreb Pride (Cro\u00e0cia).<\/p>\t\t\t\t\t\t<\/div>\n\t\t\t\t<\/div>\n\t\t\t\t\t<\/div>\n\t\t<\/div>\n\t\t\t\t\t\t\t<\/div>\n\t\t<\/section>\n\t\t\t\t\t\t\t<\/div>\n\t\t","protected":false},"excerpt":{"rendered":"<p>Sobre el Projecte Inclusion4All \u2013 Persones Trans, Intersex i no bin\u00e0ries a la feina \u00e9s un projecte de 2 anys que va comen\u00e7ar el novembre de 2020 i s\u2019est\u00e0 implementant a cinc pa\u00efsos socis, finan\u00e7ada en el marc del Programa Drets, Igualtat i Ciutadania de la Uni\u00f3 Europea. L\u2019objectiu del projecte \u00e9s promoure l\u2019aplicaci\u00f3 efectiva [&hellip;]<\/p>\n","protected":false},"author":2,"featured_media":0,"parent":0,"menu_order":2,"comment_status":"closed","ping_status":"closed","template":"","meta":[],"_links":{"self":[{"href":"https:\/\/inclusion4all.eu\/ca\/wp-json\/wp\/v2\/pages\/1119"}],"collection":[{"href":"https:\/\/inclusion4all.eu\/ca\/wp-json\/wp\/v2\/pages"}],"about":[{"href":"https:\/\/inclusion4all.eu\/ca\/wp-json\/wp\/v2\/types\/page"}],"author":[{"embeddable":true,"href":"https:\/\/inclusion4all.eu\/ca\/wp-json\/wp\/v2\/users\/2"}],"replies":[{"embeddable":true,"href":"https:\/\/inclusion4all.eu\/ca\/wp-json\/wp\/v2\/comments?post=1119"}],"version-history":[{"count":6,"href":"https:\/\/inclusion4all.eu\/ca\/wp-json\/wp\/v2\/pages\/1119\/revisions"}],"predecessor-version":[{"id":1649,"href":"https:\/\/inclusion4all.eu\/ca\/wp-json\/wp\/v2\/pages\/1119\/revisions\/1649"}],"wp:attachment":[{"href":"https:\/\/inclusion4all.eu\/ca\/wp-json\/wp\/v2\/media?parent=1119"}],"curies":[{"name":"wp","href":"https:\/\/api.w.org\/{rel}","templated":true}]}}